{"id":2,"date":"2022-11-08T11:54:15","date_gmt":"2022-11-08T10:54:15","guid":{"rendered":"https:\/\/blogs.urz.uni-halle.de\/narrative\/?page_id=2"},"modified":"2023-02-21T10:29:51","modified_gmt":"2023-02-21T09:29:51","slug":"beispiel-seite","status":"publish","type":"page","link":"https:\/\/blogs.urz.uni-halle.de\/narrative\/beispiel-seite\/","title":{"rendered":"Programm"},"content":{"rendered":"\n<p><span data-ccp-props=\"{&quot;201341983&quot;:0,&quot;335551550&quot;:2,&quot;335551620&quot;:2,&quot;335559740&quot;:360}\"><\/span><\/p>\n\n\n\n<div class=\"wp-block-pb-accordion-item c-accordion__item js-accordion-item no-js\" data-initially-open=\"false\" data-click-to-close=\"true\" data-auto-close=\"true\" data-scroll=\"false\" data-scroll-offset=\"0\"><h2 id=\"at-20\" class=\"c-accordion__title js-accordion-controller\" role=\"button\">Mittwoch, 22. Februar 2023<\/h2><div id=\"ac-20\" class=\"c-accordion__content\">\n<p>11:00 Uhr bis 12:00 Uhr: Gemeinsame Begr\u00fc\u00dfung durch die VWStiftung&nbsp;<\/p>\n\n\n\n<p>12.15-13.00: Tagungsbeginn, Begr\u00fc\u00dfung durch die Organisatorinnen&nbsp;<\/p>\n\n\n\n<p>Keynote: Prof. Dr. Schamma Schahadat (T\u00fcbingen): Schreiben im Krieg \u2013 Ukrainische Literatur im Extrem&nbsp;<\/p>\n\n\n\n<p>13.00-14.00: Mittagessen&nbsp;<\/p>\n\n\n\n<p><strong>14.00-15.30: Panel 1: Literarische Kriegsnarrative zur Ukraine&nbsp;<\/strong>&nbsp;<\/p>\n\n\n\n<ul><li>Prof. Dr. Monika Wolting (Wroc\u0142aw): Kriegsnarrative, Literatur und Wirklichkeit: Das Cassandra-Projekt und der Krieg in der Ukraine&nbsp;<\/li><li>Dr. Olena Saikowska (Odessa): Postkoloniale Narrative in der ukrainischen Gegenwartsliteratur im Kriegs- und Nachkriegskontext<\/li><li>Dr. Oxana Matiychuk (Czernowitz): Welche Sprache \u2013 welche Narrative? Zur Mehrsprachigkeit und Sprachwahl in der ukrainischen Gegenwartsliteratur seit dem Kriegsausbruch&nbsp;&nbsp;<\/li><\/ul>\n\n\n\n<p>15.30-16.00: Kaffeepause&nbsp;<\/p>\n\n\n\n<p><strong>16.00-17.30: Panel 2: Erinnerungskultur und -literatur: Fakt und Fiktion&nbsp;<\/strong>&nbsp;<\/p>\n\n\n\n<ul><li>Dr. Cornelia Ilbrig (Hamburg): Das Narrativ der Zeitenwende: eine kritische Analyse seiner Implikationen, Herausforderungen und Chancen&nbsp;<\/li><li>Dr. Jana Mende (Halle): Angst vor dem dritten Weltkrieg und Westsplaining vs. Solidarit\u00e4t mit der Ukraine: Positionierungen deutscher Autor*innen zum Krieg: Juli Zeh, Herta M\u00fcller u.a.<\/li><li>Aleksandra Jaworska, M.A. (Wroc\u0142aw): Positionen \u00f6sterreichischer Autor*innen zu Russlands Krieg in der Ukraine&nbsp;&nbsp;<\/li><\/ul>\n\n\n\n<p>17.30-18.00: Pause&nbsp;<\/p>\n\n\n\n<p>18.00: Abendessen&nbsp;<\/p>\n\n\n\n<p><strong>19.30 Abendveranstaltung: Lesung der ukrainischen Autorin Tanja Maljartschuk<\/strong>, Moderation: Prof. Dr. Monika Wolting&nbsp;<\/p>\n<\/div><\/div>\n\n\n\n<div class=\"wp-block-pb-accordion-item c-accordion__item js-accordion-item no-js\" data-initially-open=\"false\" data-click-to-close=\"true\" data-auto-close=\"true\" data-scroll=\"false\" data-scroll-offset=\"0\"><h2 id=\"at-21\" class=\"c-accordion__title js-accordion-controller\" role=\"button\">Donnerstag, 23. Februar 2023<\/h2><div id=\"ac-21\" class=\"c-accordion__content\">\n<p><strong>9.00-10.30: Panel 3: Narrative zum Krieg in der Ukraine aus linguistischer Sicht<\/strong>&nbsp;<\/p>\n\n\n\n<ul><li>Prof. Dr. Beata Miko\u0142ajczyk (Pozna\u0144): Als #swift zum Symbol wurde. Deutsche Narrative zu Russlands Krieg in der Ukraine aus diskurslinguistischer Sicht<\/li><li>Prof. Dr. Joanna Szcz\u0119k (Wroc\u0142aw): Ambivalenz in der gegenw\u00e4rtigen stereotypen Wahrnehmung der Nachbarl\u00e4nder Polens &#8211; eine linguistische Perspektive&nbsp;<\/li><li>Dawid Bomba, M.A. (Wroc\u0142aw): Zum Polenbild in der russischen Propaganda&nbsp;&nbsp;<\/li><\/ul>\n\n\n\n<p>10.30-11.00: Kaffeepause&nbsp;<\/p>\n\n\n\n<p><strong>11.00-12.30: Panel 4: Ukraine-Narrative im Spiegel neuer Medien<\/strong>&nbsp;<\/p>\n\n\n\n<ul><li>Natalia Grinina, M.A. (HU Berlin): Der Zerrspiegel Westens: zu den Strategien und Wirkungsweisen der russischen Propaganda im Ausland\u00a0<\/li><li>Prof. Dr. David R\u00f6mer (Kassel): Der Ukraine-Krieg und Verschw\u00f6rungstheorien aus diskurslinguistischer Perspektive\u00a0 &#8211; <strong>der Vortrag entf\u00e4llt<\/strong><\/li><\/ul>\n\n\n\n<ul><li>Hendrik Chudoba, B.A. und Vivien Wolter, B.A. (Universit\u00e4t Trier): Vorstellung des digitalen Studierenden-Projekts \u201eZerst\u00f6rtes Kulturgut\u201c&nbsp;<\/li><\/ul>\n\n\n\n<p>12.30-13.30: Mittagspause&nbsp;<\/p>\n\n\n\n<p><strong>13.30-15.00: Lesung und Gespr\u00e4ch mit dem Journalisten und Autor Robert Prosser<\/strong>, Moderation: Prof. Dr. Monika Wolting&nbsp;&nbsp;<\/p>\n\n\n\n<p>15.00-15.30: Kaffeepause&nbsp;<\/p>\n\n\n\n<p><strong>15.30-17.30: Positionen aus der Praxis zur Rezeption und Vermittlung ukrainischer Literatur und Kultur im deutschsprachigen Raum<\/strong>&nbsp;<\/p>\n\n\n\n<ul><li>Katharina Raabe (Berlin): Impulsvortrag zu ukrainischer Literatur bei Suhrkamp&nbsp;<\/li><li>Maria Ivanytska (Kyjiv): Impulsvortrag zu ukrainisch-deutschen Wissenschaftsbeziehungen in Sprache und Literatur(wissenschaft)<\/li><li>Anschlie\u00dfende Podiumsdiskussion <em>Visionen\/Positionen: Ukrainische Literatur und Kultur in Deutschland erz\u00e4hlen und darstellen<\/em> mit Claudia Dathe (\u00dcbersetzerin), Volodymyr Sheiko und Nadiia Koval (Ukrainian Institute), Ma\u0142gorzata \u0141awrowska &#8211; von Thadden (OBMIN), Maria Ivanytska, Katharina Raabe&nbsp;<\/li><\/ul>\n\n\n\n<p>Moderation: Dr. Cornelia Ilbrig&nbsp;<\/p>\n\n\n\n<p>17.30-18.00: Pause&nbsp;<\/p>\n\n\n\n<p>ab 18:00 Uhr <strong>Programm und Abendessen organisiert durch die VolkswagenStiftung<\/strong><\/p>\n<\/div><\/div>\n\n\n\n<div class=\"wp-block-pb-accordion-item c-accordion__item js-accordion-item no-js\" data-initially-open=\"false\" data-click-to-close=\"true\" data-auto-close=\"true\" data-scroll=\"false\" data-scroll-offset=\"0\"><h2 id=\"at-22\" class=\"c-accordion__title js-accordion-controller\" role=\"button\">Freitag, 24. Februar 2023<\/h2><div id=\"ac-22\" class=\"c-accordion__content\">\n<p><strong>9.00-13.00: Positionierungen aus Forschung und Praxis zum Reden und Schreiben \u00fcber den Krieg:&nbsp;<\/strong>&nbsp;<\/p>\n\n\n\n<ul><li>Gemeinsame Arbeit im OpenSpace-Format zur Entwicklung von Publikationen, Konzepten, Leitf\u00e4den f\u00fcr die sprachliche Verarbeitung des Krieges in der Ukraine&nbsp;&nbsp;<\/li><\/ul>\n\n\n\n<p>9.00: Vorstellung der OpenSpaceMethode, Jana-Katharina Mende&nbsp;<\/p>\n\n\n\n<p>9.15: Beginn der gemeinsamen Arbeit im OpenSpace: Themenfindung, Arbeit in Arbeitsgruppen (freie Zeit- und Pauseneinteilung nach dem Prinzip der OpenSpace-Methode)&nbsp;<\/p>\n\n\n\n<p>ca. 12.30: Abschlussstatements der Arbeitsgruppen und Tagungsabschluss&nbsp;<\/p>\n\n\n\n<p>13.00-14.00: Mittagspause&nbsp;<\/p>\n\n\n\n<p>14:00 Uhr bis 15:00 Uhr: gemeinsamer Abschluss aller Tagungen mit der VWStiftung&nbsp;<\/p>\n<\/div><\/div>\n\n\n\n<p><\/p>\n\n\n\n<h2><\/h2>\n\n\n\n<div class=\"wp-block-pb-accordion-item c-accordion__item js-accordion-item no-js\" data-initially-open=\"false\" data-click-to-close=\"true\" data-auto-close=\"true\" data-scroll=\"false\" data-scroll-offset=\"0\"><h2 id=\"at-23\" class=\"c-accordion__title js-accordion-controller\" role=\"button\">Erl\u00e4uterungen zum OpenSpace-Format<\/h2><div id=\"ac-23\" class=\"c-accordion__content\">\n<p>Der dritte Tag verbindet die zwei vorherigen Tagungstage und entwickelt gemeinsam in einem OpenSpace-Format neue Herangehensweisen zwischen literarischer Praxis und literaturwissenschaftlicher und linguistischer Ann\u00e4herung. Das OpenSpace-Format l\u00e4dt dabei alle Beteiligten ein, die vorher in den Impulsen und Diskussionen, Berichten und Pr\u00e4sentationen entstandenen Fragen gemeinsam zu bearbeiten.&nbsp;&nbsp;<\/p>\n\n\n\n<p>Kurz gesagt geht es darum, mit der vorhandenen Expertise Positionen im wissenschaftlichen Feld zum Krieg in der Ukraine zu besetzen. Dazu sollen in der OpenSpace-Phase Themenbereiche und m\u00f6glichst konkrete Fragen aus den vorherigen Tagen in (Klein-)gruppen bearbeitet werden und dann in kurzen Abschlusspr\u00e4sentationen vorgestellt werden.&nbsp;&nbsp;<\/p>\n\n\n\n<p>M\u00f6gliche Fragen w\u00e4ren z.B. Wie kann der Krieg in der Ukraine in einem Literaturmuseum behandelt werden? Welche Ressourcen gibt es und braucht es daf\u00fcr? Wie kann das Thema in der Lehre behandelt werden? Welche Informationen braucht die \u00d6ffentlichkeit zur Einsch\u00e4tzung der Sprache des Krieges?&nbsp;&nbsp;<\/p>\n\n\n\n<p>Hier k\u00f6nnen z.B. Konzepte f\u00fcr Ausstellungen, weitere Tagungen, Vortr\u00e4ge, Publikationen oder Leitf\u00e4den entstehen, die von den Tagungsteilnehmern entwickelt werden. In Abschlussstatements sollen diese Ergebnisse kurz vorgestellt und diskutiert werden.&nbsp;&nbsp;<\/p>\n\n\n\n<p>Das OpenSpace-Format besteht dabei aus drei Phasen und folgt Regeln, die im Folgenden kurz vorgestellt werden.&nbsp;<\/p>\n\n\n\n<p>1. Jede Person ist die richtige Person: Jede*r Teilnehmer*in kann ihren kreativen Beitrag zu L\u00f6sungen linguistischer und literaturwissenschaftlicher Fragen zum Krieg in der Ukraine leisten, unabh\u00e4ngig vom Fach, Position usw.&nbsp;<\/p>\n\n\n\n<p>2. Was auch immer geschieht, ist genau das, was geschehen sollte: Der kreative Freiraum bietet Teilnehmer*innen mehr M\u00f6glichkeiten, flexibel und offen zu interdisziplin\u00e4ren Fragen zu forschen, neue Ideen und Fragen zu entwickeln und im besten Fall neue Forschungsprojekte zu entwerfen.&nbsp;&nbsp;<\/p>\n\n\n\n<p>3. Es beginnt, wenn die Zeit reif ist: Zwar ist der Zeitrahmen abgesteckt, aber die Teilnehmer*innen k\u00f6nnen ihre Pausen und Arbeitsphasen selbstst\u00e4ndig und nach den eigenen Bed\u00fcrfnissen zu legen, um im richtigen Moment in den kreativen Austausch zu gehen.&nbsp;<\/p>\n\n\n\n<p>4. (Nicht) Vorbei ist (nicht) vorbei: Auch das Abschlussstatement kann (innerhalb des Rahmens) dann erstellt werden, wenn f\u00fcr die Gruppe der richtige Zeitpunkt ist.&nbsp;&nbsp;<\/p>\n\n\n\n<p>Au\u00dferdem gilt in OpenSpace-Phasen das \u201aGesetz der zwei F\u00fc\u00dfe\u2018 \u2013 ein Gruppenwechsel ist immer m\u00f6glich und kann auch kurzfristigen kreativen Austauschsituationen dienen.&nbsp;&nbsp;<\/p>\n\n\n\n<p>Wir hoffen, dass wir durch dieses Format unseren Austausch vertiefen k\u00f6nnen und nachhaltige andauernde Formen der Zusammenarbeit \u00fcber die Tagung hinaus entwickeln k\u00f6nnen.&nbsp;&nbsp;<\/p>\n<\/div><\/div>\n\n\n\n<div class=\"wp-block-pb-accordion-item c-accordion__item js-accordion-item no-js\" data-initially-open=\"false\" data-click-to-close=\"true\" data-auto-close=\"true\" data-scroll=\"false\" data-scroll-offset=\"0\"><h2 id=\"at-24\" class=\"c-accordion__title js-accordion-controller\" role=\"button\">Programm zum Herunterladen<\/h2><div id=\"ac-24\" class=\"c-accordion__content\">\n<p>Hier k\u00f6nnen Sie das Programm als Datei herunterladen.<\/p>\n<\/div><\/div>\n\n\n\n<div class=\"wp-block-file\"><a href=\"https:\/\/blogs.urz.uni-halle.de\/narrative\/files\/2023\/02\/Programm_NarrativeUkraine_20230207-1.pdf\">Programm_NarrativeUkraine_20230207-1<\/a><a href=\"https:\/\/blogs.urz.uni-halle.de\/narrative\/files\/2023\/02\/Programm_NarrativeUkraine_20230207-1.pdf\" class=\"wp-block-file__button\" download>Herunterladen<\/a><\/div>\n\n\n\n<div class=\"wp-block-file\"><a href=\"https:\/\/blogs.urz.uni-halle.de\/narrative\/files\/2023\/02\/Programm_TagungNarrativeUkraine_mitAbstracts-2.pdf\">Programm_TagungNarrativeUkraine_mitAbstracts-2<\/a><a href=\"https:\/\/blogs.urz.uni-halle.de\/narrative\/files\/2023\/02\/Programm_TagungNarrativeUkraine_mitAbstracts-2.pdf\" class=\"wp-block-file__button\" download>Herunterladen<\/a><\/div>\n","protected":false},"excerpt":{"rendered":"","protected":false},"author":5258,"featured_media":0,"parent":0,"menu_order":1,"comment_status":"closed","ping_status":"closed","template":"","meta":[],"_links":{"self":[{"href":"https:\/\/blogs.urz.uni-halle.de\/narrative\/wp-json\/wp\/v2\/pages\/2"}],"collection":[{"href":"https:\/\/blogs.urz.uni-halle.de\/narrative\/wp-json\/wp\/v2\/pages"}],"about":[{"href":"https:\/\/blogs.urz.uni-halle.de\/narrative\/wp-json\/wp\/v2\/types\/page"}],"author":[{"embeddable":true,"href":"https:\/\/blogs.urz.uni-halle.de\/narrative\/wp-json\/wp\/v2\/users\/5258"}],"replies":[{"embeddable":true,"href":"https:\/\/blogs.urz.uni-halle.de\/narrative\/wp-json\/wp\/v2\/comments?post=2"}],"version-history":[{"count":9,"href":"https:\/\/blogs.urz.uni-halle.de\/narrative\/wp-json\/wp\/v2\/pages\/2\/revisions"}],"predecessor-version":[{"id":119,"href":"https:\/\/blogs.urz.uni-halle.de\/narrative\/wp-json\/wp\/v2\/pages\/2\/revisions\/119"}],"wp:attachment":[{"href":"https:\/\/blogs.urz.uni-halle.de\/narrative\/wp-json\/wp\/v2\/media?parent=2"}],"curies":[{"name":"wp","href":"https:\/\/api.w.org\/{rel}","templated":true}]}}