{"id":21,"date":"2023-01-02T13:16:53","date_gmt":"2023-01-02T12:16:53","guid":{"rendered":"https:\/\/blogs.urz.uni-halle.de\/narrative\/?page_id=21"},"modified":"2023-02-13T14:47:54","modified_gmt":"2023-02-13T13:47:54","slug":"teilnehmende","status":"publish","type":"page","link":"https:\/\/blogs.urz.uni-halle.de\/narrative\/teilnehmende\/","title":{"rendered":"Teilnehmende"},"content":{"rendered":"\n<div class=\"wp-block-pb-accordion-item c-accordion__item js-accordion-item no-js\" data-initially-open=\"false\" data-click-to-close=\"true\" data-auto-close=\"true\" data-scroll=\"false\" data-scroll-offset=\"0\"><h2 id=\"at-210\" class=\"c-accordion__title js-accordion-controller\" role=\"button\">Dawid Bomba<\/h2><div id=\"ac-210\" class=\"c-accordion__content\">\n<p>Dawid Bomba ist Student an der Universit\u00e4t Wroc\u0142aw, Polen. Er forscht zu Themen aus der Kulturwissenschaft, Filmwissenschaft, gesellschaftliche Aspekte im Film und Literatur, Geschichte.<\/p>\n<\/div><\/div>\n\n\n\n<div class=\"wp-block-pb-accordion-item c-accordion__item js-accordion-item no-js\" data-initially-open=\"false\" data-click-to-close=\"true\" data-auto-close=\"true\" data-scroll=\"false\" data-scroll-offset=\"0\"><h2 id=\"at-211\" class=\"c-accordion__title js-accordion-controller\" role=\"button\">Hendrik Chudoba<\/h2><div id=\"ac-211\" class=\"c-accordion__content\">\n<p>Hendrik Chudoba ist Student der Digital Humanities an der Universit\u00e4t Trier und Teil des studentischen Teams des Projekts &#8222;Zerst\u00f6rtes Kulturgut&#8220;. <\/p>\n<\/div><\/div>\n\n\n\n<div class=\"wp-block-pb-accordion-item c-accordion__item js-accordion-item no-js\" data-initially-open=\"false\" data-click-to-close=\"true\" data-auto-close=\"true\" data-scroll=\"false\" data-scroll-offset=\"0\"><h2 id=\"at-212\" class=\"c-accordion__title js-accordion-controller\" role=\"button\">Dr. Claudia Dathe<\/h2><div id=\"ac-212\" class=\"c-accordion__content\">\n<p>Claudia Dathe ist eine der bekanntesten \u00dcbersetzerinnen der ukrainischen Gegenwartsliteratur in Deutschland. Sie \u00fcbersetzte die Werke erfolgreicher ukrainischer Autoren wie Marija Matios, Andrij Kurkow, Tanja Maljarschuk, Serhij Zhadan und andere ins Deutsche. 2021 wurde Claudia Dathe in Kyjiw mit dem Drahom\u00e1n-Preis ausgezeichnet. 2022 wurde ihr der Wilhelm-Merton-Preis f\u00fcr Euro-p\u00e4ische \u00dcbersetzungen verliehen. Seit 2021 ist Dathe Koordinatorin des Forschungsverbundprojek-tes European Times an der Kulturwissenschaftlichen Fakult\u00e4t der Europa-Universit\u00e4t Viadrina in Frankfurt an der Oder.<br>Wichtige Publikationen: Deutschsprachiger Raum, in: Hrsg. Schamma Schahadat, \u0160t\u011bp\u00e1n Zbyto-vsk\u00fd: \u00dcbersetzungslandschaften. Themen und Akteure der Literatur\u00fcbersetzung in Ost- und Mittel-europa (Interkulturalit\u00e4t. Studien zu Sprache, Literatur und Gesellschaft, Bd. 9), Bielefeld, 2016, S. 247-263; Das deutsch-ukrainische literarische Feld: Akteure und Asymetrien, in: Hrsg. Claudia Dathe, Renata Makarska, Schamma Schahadat: Zwischentexte. Literarisches \u00dcbersetzen in Theo-rie und Praxis, Berlin 2013, S. 255\u2013286; Der russisch-ukrainische Sprachkontakt im 20. Jahrhun-dert: Probleme der \u00dcbersetzung ukrainischer Literatur ins Deutsche, in: Hrsg. Christine Engel, Birgit Menzel: Kultur und\/als \u00dcbersetzung. Russisch-deutsche Beziehungen im 20. und 21. Jahrhundert, Berlin 2011, S. 299\u2013318.<br>\u00dcbersetzungen:<br>Senzow, Oleg. Haft. Notizen und Geschichten. Aus dem Russischen von Claudia Dathe, Berlin 2021;<br>Assejew, Stanislaw. In der Isolation. Aus dem Ukrainischen und Russischen von Claudia Dathe und Sofija Onufriv, Berlin 2020;<br>Zhadan, Serhij. Antenne. Gedichte. Aus dem Ukrainischen von Claudia Dathe, Berlin 2020;<br>Zhadan, Serhij. Die guten schlechten B\u00fccher. In: Hrsg. Katharina Raabe, Frang Wegner: Warum lesen. Mindestens 24 Gr\u00fcnde. Aus dem Ukrainischen von Claudia Dathe, Berlin 2020, S. 182-195;<br>Kurkow, Andrej: Kartografie der Freiheit. Aus dem Russischen von Claudia Dathe, Innsbruck 2018.<\/p>\n<\/div><\/div>\n\n\n\n<div class=\"wp-block-pb-accordion-item c-accordion__item js-accordion-item no-js\" data-initially-open=\"false\" data-click-to-close=\"true\" data-auto-close=\"true\" data-scroll=\"false\" data-scroll-offset=\"0\"><h2 id=\"at-213\" class=\"c-accordion__title js-accordion-controller\" role=\"button\">Natalia Grinina<\/h2><div id=\"ac-213\" class=\"c-accordion__content\">\n<p>Natalia Grinina ist wissenschaftliche Mitarbeiterin am Institut f\u00fcr Slawistik und Hungarologie an der Humboldt-Universit\u00e4t in Berlin. Sie hat ihren Bachelor am Peter-Szondi-Institut f\u00fcr Allgemeine und Vergleichende Literaturwissenschaft an der Freien Universit\u00e4t Berlin und ihren Master an der Hum-boldt-Universit\u00e4t im Studiengang \u201eKulturen und Literaturen Mittel- und Osteuropas\u201c im Jahre 2020 absolviert. Zu ihren Forschungsinteressen z\u00e4hlen Literatur und Raum (Architektur) und die Kulturge-schichte der Melancholie in Literatur, Poesie und postkolonialer Theorie. In ihrer Dissertation be-sch\u00e4ftigt sie sich mit dem Insel-Topos und den Insel-Sujets in der russischen Literatur des 19.- 21. Jahrhunderts.<br>Publikation: Slova, sozdaju\u0161\u010die architekturu. Metafory v architekturnom kontekste i sposoby ich ana-liza [dt.: Worte, die Architektur erschaffen. \u00dcber Metaphern im Architekturkontext und Formen ihrer Analyse], in: Hrsg. T. Malinina: Chudo\u017eestvennye miry XXI veka. Puti integracii architektury i art-praktik [Dt.: K\u00fcnstlerische Welten des 21. Jahrhunderts. Formen der Integration von Architektur mit anderen K\u00fcnsten], Moskau 2020, S. 234-245.<\/p>\n<\/div><\/div>\n\n\n\n<div class=\"wp-block-pb-accordion-item c-accordion__item js-accordion-item no-js\" data-initially-open=\"false\" data-click-to-close=\"true\" data-auto-close=\"true\" data-scroll=\"false\" data-scroll-offset=\"0\"><h2 id=\"at-214\" class=\"c-accordion__title js-accordion-controller\" role=\"button\">Dr. Cornelia Ilbrig<\/h2><div id=\"ac-214\" class=\"c-accordion__content\">\n<p>Cornelia Ilbrig ist wissenschaftliche Mitarbeiterin beim Goethe-W\u00f6rterbuch an der Akademie der Wissenschaften zu G\u00f6ttingen, Arbeitsstelle Hamburg. Sie studierte Germanistik, Philosophie und Psychologie an den Universit\u00e4ten Leipzig und Z\u00fcrich und wurde 2006 mit einer Studie \u00fcber literari-sierte Skepsis bei Johann Karl Wezel an der Universit\u00e4t Paderborn promoviert. Seitdem hat sie an zahlreichen Editionen und Ausstellungen mitgewirkt. Ihre Forschungsschwerpunkte umfassen: Lite-ratur der Sp\u00e4taufkl\u00e4rung, medien- und kulturwissenschaftliche Perspektiven auf die Fr\u00fchromantik, Formen des Nationalismus und Kolonialismus in der mittleren und Sp\u00e4tphase der Romantik, Literari-sche und publizistische Skandale zwischen 1789 und 1848, Skandalrhetorik, Heinrich Heine als am-bivalenter Romantiker, Gattungsinnovationen von Autorinnen: Karoline von G\u00fcnderrode, Rahel Le-vin-Varnhagen, Annette von Droste-H\u00fclshoff, Gisela von Arnim-Grimm, Else Lasker-Sch\u00fclers poe-tisches Schreiben \u00fcber Flucht, Verfolgung und Krieg, Sprachlicher Wandel in Krisenzeiten, Die nicht mehr sch\u00f6nen K\u00fcnste: Satire, Karikatur und Groteske, Literaturausstellungen, Diversit\u00e4t und Partizi-pation im Literaturmuseum, Soziomuseologie und W\u00f6rterb\u00fccher.<br>Letzte Publikationen: Schatzh\u00e4user der Romantik. Ein Wegweiser zu Gedenkst\u00e4tten, Museen und Wohnh\u00e4usern, Hrsg. Anne Bohnenkamp, Wolfgang Bunzel, Cornelia Ilbrig, Stuttgart 2021; Zwischen Karikatur und Groteske: die nicht mehr sch\u00f6nen K\u00fcnste bei Johann Karl Wezel, in: Wezel-Jahrbuch. Studien zur europ\u00e4ischen Aufkl\u00e4rung 16, 2020\/2021, S. 73-92; Stufen der Besucheraktivierung. Ein Ausstellungsentwurf zur fr\u00fchromantischen Programmzeitschrift Athenaeum, in: Hrsg. Matteo A-nastasio, Jan Rhein: Transitzonen zwischen Literatur und Museum, Berlin\/Boston 2021, S. 65-91; Die Geburt der Fr\u00fchromantik aus dem Geiste des Skandals, in: Internationales Jahrbuch der Bettina-von-Arnim-Gesellschaft 30-32, 2018-20, S. 129-156; Karikierte Arabeske oder arabeske Karikatur? Brentanos paratextuelle und zeichnerische Philistersatire, in: Internationales Jahrbuch der Bettina-von-Arnim-Gesellschaft 30-32, 2018-20, S. 65-80; Aufbruch ins romantische Universum: August Wil-helm Schlegel. Katalog zur gleichnamigen Ausstellung, Hrsg. Claudia Bamberg, Cornelia Ilbrig, G\u00f6t-tingen 2017.<\/p>\n<\/div><\/div>\n\n\n\n<div class=\"wp-block-pb-accordion-item c-accordion__item js-accordion-item no-js\" data-initially-open=\"false\" data-click-to-close=\"true\" data-auto-close=\"true\" data-scroll=\"false\" data-scroll-offset=\"0\"><h2 id=\"at-215\" class=\"c-accordion__title js-accordion-controller\" role=\"button\">Univ.-Prof. Dr. habil. Maria Ivanytska<\/h2><div id=\"ac-215\" class=\"c-accordion__content\">\n<p>Univ.-Prof. Dr. habil. Maria Ivanytska ist Professorin an der Nationalen Taras-Schewtschenko-Universit\u00e4t in Kyjiw. Ihre Forschungsschwerpunkte sind translation studies, ukrainisch-deutsche Lite-ratur\u00fcbersetzung und die Pers\u00f6nlichkeit eines \u00dcbersetzers.<br>Wichtigste Publikationen zum Thema der Tagung: Die Entwicklung der deutsch-ukrainischen Litera-turbeziehungen und der Beitrag von Anna-Halja Horbatsch, in: Welt der Slaven. Internationale Halb-jahresschrift f\u00fcr Slavistik 59, Heft 2\/2014, S. 268- 292; Osobystist perekladacha v ukrainsko-nimetskykh literaturnykh vzaiemynakh. Monohrafiia [The personality of the translator in Ukrainian-German literary relations. Monograph], Chernivtsi 2015; Alterit\u00e4t und \u00dcbersetzung im ukrainisch-deutschen Kontext, in: Hrsg. Schamma Schahadat, Step\u00e1n Zbytovsky: \u00dcbersetzungslandschaften. Themen und Akteure der Literatur\u00fcbersetzung in Ost- und Mitteleuropa, Bielefeld 2016, S. 55-78; Ukrainische Identit\u00e4t, nach au\u00dfen vermittelt: zum Ukraine-Bild in deutschen Literatur\u00fcbersetzungen und in der Literaturwissenschaft, in: Hrsg. Olena Novikova, Oleksandr Pronkevy\u010d, Leonid Rudnyc\u2019kyj, Ulrich Schweier: Ukraine und ukrainische Identit\u00e4t in Europa: Beitr\u00e4ge zur Standortbe-stimmung aus\/durch Sprache, Literatur und Kultur, M\u00fcnchen 2017, S. 67-80; Maria Ivanytska, A. Perminova: Anthologies of Ukrainian Literature in Germany as a Reflection of the Struggle for Natio-nal Identity, in: Hrsg. Lucyna Harmon, Dorota Osuchowska: National Identity in Translation (Studies in Linguistics, Anglophone Literatures and Cultures, Bd. 22), Frankfurt am Main 2019, S. 127-136.<\/p>\n<\/div><\/div>\n\n\n\n<div class=\"wp-block-pb-accordion-item c-accordion__item js-accordion-item no-js\" data-initially-open=\"false\" data-click-to-close=\"true\" data-auto-close=\"true\" data-scroll=\"false\" data-scroll-offset=\"0\"><h2 id=\"at-216\" class=\"c-accordion__title js-accordion-controller\" role=\"button\">Aleksandra Jaworska<\/h2><div id=\"ac-216\" class=\"c-accordion__content\">\n<p>Aleksandra Jaworska ist Doktorandin an der Universit\u00e4t Wroc\u0142aw. In ihrer Forschung besch\u00e4ftigt sie sich vor allem mit Literaturwissenschaft, \u00f6sterreichischer Literatur und den gesellschaftlichen Aspek-ten in der Literatur.<\/p>\n<\/div><\/div>\n\n\n\n<div class=\"wp-block-pb-accordion-item c-accordion__item js-accordion-item no-js\" data-initially-open=\"false\" data-click-to-close=\"true\" data-auto-close=\"true\" data-scroll=\"false\" data-scroll-offset=\"0\"><h2 id=\"at-217\" class=\"c-accordion__title js-accordion-controller\" role=\"button\">Nadiia Koval<\/h2><div id=\"ac-217\" class=\"c-accordion__content\">\n<p>Nadiia Koval ist au\u00dfen- und sicherheitspolitische Analystin, derzeit Leiterin des Bereichs Forschung und Analyse am Ukrainischen Institut und Dozentin f\u00fcr europ\u00e4ische Integration an der Kyiwer School of Economics. Zuvor war sie in verschiedenen Positionen beim Au\u00dfenpolitischen Rat &#8222;Ukrainisches Prisma&#8220;, der Diplomatischen Akademie der Ukraine, dem Nationalen Institut f\u00fcr Strategische Studien und dem Ukrainischen Institut f\u00fcr die Zukunft t\u00e4tig. Sie hat sich auf Europastudien und die ukraini-sche Au\u00dfenpolitik spezialisiert, insbesondere auf die verschiedenen Dimensionen der Beziehungen zu Polen, Frankreich und Griechenland. In den letzten Jahren hat sie ihren Forschungsschwerpunkt auch auf die Kulturdiplomatie verlagert, insbesondere auf die Wahrnehmung der Ukraine und der ukrainischen Kultur im Ausland, auf Diskurse und Interpretationen der Ursachen und Folgen des russisch-ukrainischen Krieges in den intellektuellen Kreisen der verschiedenen westlichen L\u00e4nder, auf die russischen Institutionen der Kulturdiplomatie usw.<br>Ausgew\u00e4hlte Publikationen:<br>Nadiia Koval, Maryna Irysova, Serhii Tytiuk, Denys Tereshchenko: Rossotrudnichestvo: The Un-bearable Harshness of Soft Power, Ukrainian Institute, 2022; Yulia Masiyenko, Kateryna Zahryven-ko, Nadiia Koval, Denys Tereshchenko: \u201cThe Russian flag will be flown wherever Russian is spo-ken\u201d: \u201cRusskiy Mir\u201d Foundation, Ukrainian Institute, 2022; Nadiia Koval, Volodymyr Kulyk, Mykola Riabchuk, Kateryna Zarembo, Marianna Fakhurdinova: &#8222;Morphological Analysis of Narratives of the Russian-Ukrainian Conflict in Western Academia and Think-Tank Community\u201d, in: Problems of Post-Communism, 2022; \u201cRussia as an Alternative Security Provider: The Greek Perspective on the \u201cUkraine Crisis\u201d, in: The Ideology and Politics Journal \u201cEU Member States\u2019 National Perspectives on the \u201cUkraine Crisis\u201d, Heft 1(7), 2017, S. 131-167; \u201cThree Faces of Federalism in the Foreign Policy: Russian and German Approaches to the Ukraine Crisis\u201d, in: Hrsg. H. Shelest und M. Rabinovych: Decentralization, Regional Diversity, and Conflict: The Case of Ukraine, o.O. 2020, S. 187-210<\/p>\n<\/div><\/div>\n\n\n\n<div class=\"wp-block-pb-accordion-item c-accordion__item js-accordion-item no-js\" data-initially-open=\"false\" data-click-to-close=\"true\" data-auto-close=\"true\" data-scroll=\"false\" data-scroll-offset=\"0\"><h2 id=\"at-218\" class=\"c-accordion__title js-accordion-controller\" role=\"button\">Ma\u0142gorzata \u0141awrowska &#8211; von Thadden<\/h2><div id=\"ac-218\" class=\"c-accordion__content\">\n<p>Ma\u0142gorzata \u0141awrowska &#8211; von Thadden ist Historikerin und Kunsthistorikerin, Gr\u00fcnderin und Vor-standsvorsitzende von OBMIN &#8211; Plattform ukrainischer Museen. Sie war viele Jahre im internationa-len Bereich u.a. in der Aufbauphase im Deutsch-Polnischen Jugendwerk, als Diplomatin: Bot-schaftsr\u00e4tin in der Polnischen Botschaft in Berlin, als Gesch\u00e4ftsf\u00fchrerin in der Stiftung f\u00fcr Deutsch-Polnische Zusammenarbeit, im polnischen Parlament als Beraterin und Pressesprecherin vom Par-laments Marschall, stellvertretende Direktorin im Museum f\u00fcr Moderne Kunst in Warschau t\u00e4tig.<\/p>\n<\/div><\/div>\n\n\n\n<div class=\"wp-block-pb-accordion-item c-accordion__item js-accordion-item no-js\" data-initially-open=\"false\" data-click-to-close=\"true\" data-auto-close=\"true\" data-scroll=\"false\" data-scroll-offset=\"0\"><h2 id=\"at-219\" class=\"c-accordion__title js-accordion-controller\" role=\"button\">Dr. Oxana Matiychuk<\/h2><div id=\"ac-219\" class=\"c-accordion__content\">\n<p>Dr. Oxana Matiychuk ist Wissenschaftlerin an der Jurij-Fedkowytsch-Universit\u00e4t in Tscherniwzi\/Czernowitz (Ukraine). Ihr Arbeitsschwerpunkte umfassen deutschsprachige Literatur der Bukowina, Textgenese, literarische Mehrsprachigkeit und ukrainische Exilliteratur.<br>Deutschsprachige Publikationen der letzten Jahre: Mikrolithen: Jenseits von Celan. Microlite: Dincolo de Celan. \u041c\u0456\u043a\u0440\u043e\u043b\u0456\u0442\u0438: \u043f\u043e\u0442\u043e\u0439\u0431\u0456\u0447 \u0426\u0435\u043b\u0430\u043d\u0430, Spiegelungen-Preis f\u00fcr Minimalprosa 2020. Premiul Spie-gelungen pentru proz\u0103 scurt\u0103. \u041f\u0440\u0435\u043c\u0456\u044f \u0434\u043b\u044f \u043c\u0456\u043d\u0456\u043f\u0440\u043e\u0437\u0438 2020, hrsg. Enik\u0151 D\u00e1cz, Florian K\u00fchrer-Wielach, Oxana Matiychuk, 2022; Rose Ausl\u00e4nders Leben im Wort, Ulm 2021; In der Nussschale der Lyrik: Die Geschichte in narrative poems von Rose Ausl\u00e4nder, in: Hrsg. Anna-Maria P\u0103limariu, Wolfgang M\u00fcller-Funk: Narrative des Peripheren in posthabsburgischen Literaturen des zent-ral(ost)europ\u00e4ischen Raumes [Jassyer Beitr\u00e4ge zur Germanistik XXII], Konstanz 2019, S. 129-137; \u201eWir reichen uns der Liebe rote Beeren\u201c: Rose Ausl\u00e4nders fr\u00fche Liebesgedichte, in: Hrsg. Albrecht Classen, Wolfgang Brylla, Andrey Kotin: Eros und Logos. Zu Sexualit\u00e4tsbildern in der (deutschspra-chigen) Literatur, 2018, S. 223-235.<\/p>\n<\/div><\/div>\n\n\n\n<div class=\"wp-block-pb-accordion-item c-accordion__item js-accordion-item no-js\" data-initially-open=\"false\" data-click-to-close=\"true\" data-auto-close=\"true\" data-scroll=\"false\" data-scroll-offset=\"0\"><h2 id=\"at-2110\" class=\"c-accordion__title js-accordion-controller\" role=\"button\">Dr. Jana-Katharina Mende<\/h2><div id=\"ac-2110\" class=\"c-accordion__content\">\n<p>Jana-Katharina Mende ist wissenschaftliche Mitarbeiterin an der Abteilung Komparatistik des Ger-manistischen Instituts der Martin-Luther-Universit\u00e4t Halle-Wittenberg. 2017 promovierte sie zum Konzept des Messianismus in der polnischen, franz\u00f6sischen und deutschen Literatur der Romantik an der Universit\u00e4t Vechta. Danach arbeitete sie als Lektorin f\u00fcr Deutsche Literatur und Sprache in Wroc\u0142aw und Li\u00e8ge.<br>Zu ihren Forschungsinteressen z\u00e4hlen: Mehrsprachige Literatur(-geschichte), Mehrsprachigkeit und Literatur, Europ\u00e4ische Romantikforschung, Digitale Methoden in der Komparatistik und Polnisch-franz\u00f6sische Literaturbeziehungen.<br>Neueste Publikationen: Das Konzept des Messianismus in der polnischen, franz\u00f6sischen und deut-schen Literatur der Romantik, Heidelberg 2020; Einsprachigkeit, Fremdsprachigkeit, Mehrsprachig-keit und Transsprachigkeit in der sprachhistorischen Forschung zu Text und Diskurs. Eine Reflexion, in: Jahrbuch f\u00fcr germanistische Sprachgeschichte 11, 2021, S. 48\u201360. Online verf\u00fcgbar unter https:\/\/doi.org\/10.1515\/jbgsg-2020-0005; <span><a href=\"\"><img title=\"Titel anhand dieser DOI in Citavi-Projekt \u00fcbernehmen\" class=\"citavipicker\" src=\"image\/png;base64,iVBORw0KGgoAAAANSUhEUgAAABAAAAAQCAYAAAAf8\/9hAAAAGXRFWHRTb2Z0d2FyZQBBZG9iZSBJbWFnZVJlYWR5ccllPAAAARpJREFUeNpiZEAD1zX4E4BUPBA7oEkdAOKFmjc+LkAWZETSqACk1gOxAb\/lLwZegz8MTJz\/wXL\/vjMyfL7AwvDxOBuIewGIA4EGPYAbANV8nkP2r4Bk\/HcGdpm\/DNjAzyfMDM8XcjL8eMz8Acg1BBnCBJVbD9IsV\/QVp2YQAMmB1IDUQl3LwAT1swHIZpiT8QGQGpBakB6QXpAL4kF+xmczNpeA9ID0ggxwAAUYqQCqx4EJ5ixSAUwP2ABmLtINgBsEIn6\/ZSJZIyhtwAw4AEokpAKongMgAxaCUhgokRALQGqhqXIhEzRtXwClMJizCDkdpBakB6QX5vlAUPJ81MeN1yUgOZAaaFIOJCozgWIIFMh4MxMl2RkgwACxPIMc1tjE2wAAAABJRU5ErkJggg==\" style=\"border: 0px none!important;width: 16px!important;height: 16px!important;margin-left:1px !important;margin-right:1px !important\"><\/a><\/span> Polnisch-deutsche Mehrsprachigkeiten: Die polnische \u00dcbersetzung und Rezeption von Katja Petrowskajas \/ Katia Petrowskas Vielleicht Esther \/ Mo\u017ce Es-tera, in: Hrsg. Matthias Aum\u00fcller, Weertje Willms: Migration und Gegenwartsliteratur, Paderborn 2020, S. 163-187.<\/p>\n<\/div><\/div>\n\n\n\n<div class=\"wp-block-pb-accordion-item c-accordion__item js-accordion-item no-js\" data-initially-open=\"false\" data-click-to-close=\"true\" data-auto-close=\"true\" data-scroll=\"false\" data-scroll-offset=\"0\"><h2 id=\"at-2111\" class=\"c-accordion__title js-accordion-controller\" role=\"button\">Prof. Dr. Beata Miko\u0142ajczyk<\/h2><div id=\"ac-2111\" class=\"c-accordion__content\">\n<p>Beata Miko\u0142ajczyk ist Professorin f\u00fcr Sprachwissenschaft und Lehrstuhlinhaberin am Institut f\u00fcr Germanistik an der Adam-Mickiewicz-Universit\u00e4t in Pozna\u0144. Zu ihren Interessenschwerpunkten z\u00e4h-len vergleichende Text- und Pragmalinguistik, Soziolinguistik, Hochschulforschung und Wissen-schaftstheorie.<br>Letzte Publikationen: Beata Miko\u0142ajczyk\/ Karolina Waliszewska: \u201eWas hat Europa mit mir zu tun?\u201c Europa in den Augen junger Politiker_innen \u2013 eine diskurslinguistische Analyse von Twitter-Beitr\u00e4gen ausgew\u00e4hlter polnischer Jugendorganisationen, in: Linguistische Treffen in Wroc\u0142aw 22, Heft 2\/2022, S. 165-178; Beata Miko\u0142ajczyk\/ Jaros\u0142aw Aptacy: Gendern in der Politik. Weibliche Per-sonenbezeichnungen in deutschen und polnischen Partei-Tweets, in: Convivium. Germanistisches Jahrbuch Polen 2022, S. 50-82; Beata Miko\u0142ajczyk\/ Anja Ballis: Europa s\u0142owem kluczem w dyskursie m\u0142odych, zaanga\u017cowanych politycznie Polak\u00f3w i Niemc\u00f3w w mediach spo\u0142eczno\u015bciowych (Twitter i TikTok) [Europe \u2013 a keyword in the Discourse of polish and german youth engaged in politics on social media (twitter and tiktok)], in: Socjolingwistyka XXXVI 2022, S. 177-200; Waldemar Czachur\/ Beata Miko\u0142ajczyk\/ Roman Opi\u0142owski: Museum communication. The current state of research and challenges for linguistics, in: Stylistyka XXXI, 2022, S. 47-68; Text als Forschungsobjekt \u2013 interdis-ziplin\u00e4re Grenzr\u00e4ume und disziplin\u00e4re Randzonen, in: Hrsg. Bettina M. Bock, Steffen Pappert, Tanja \u0160kerlavaj: Grenzg\u00e4nge. Eine Spritztour durch Text-, Stil- und Zeichengefilde, Festschrift f\u00fcr Ulla Fix, 2022, S. 169-174.<\/p>\n<\/div><\/div>\n\n\n\n<div class=\"wp-block-pb-accordion-item c-accordion__item js-accordion-item no-js\" data-initially-open=\"false\" data-click-to-close=\"true\" data-auto-close=\"true\" data-scroll=\"false\" data-scroll-offset=\"0\"><h2 id=\"at-2122\" class=\"c-accordion__title js-accordion-controller\" role=\"button\">Katharina Raabe<\/h2><div id=\"ac-2122\" class=\"c-accordion__content\">\n<p>Katharina Raabe ist Lektorin f\u00fcr osteurop\u00e4ische Literaturen im Suhrkamp Verlag. Der Schwerpunkt ihrer Arbeit liegt in der Entdeckung und Durchsetzung osteurop\u00e4ischer Autorinnen und Autoren und Themen im deutschsprachigen Raum.<br>Mitherausgeberin: Aus dem Nebel des Krieges: Die Gegenwart der Ukraine, Hrsg. Kateryna Mi\u0161\u010denko und Katharina Raabe, Berlin 2023; Gef\u00e4hrdete Nachbarschaften &#8211; Ukraine, Russland, Europ\u00e4ische Union, G\u00f6ttingen 2015; Testfall Ukraine: Europa und seine Werte, Hrsg. Katharina Raabe und Manfred Sapper, Berlin 2015.<\/p>\n<\/div><\/div>\n\n\n\n<div class=\"wp-block-pb-accordion-item c-accordion__item js-accordion-item no-js\" data-initially-open=\"false\" data-click-to-close=\"true\" data-auto-close=\"true\" data-scroll=\"false\" data-scroll-offset=\"0\"><h2 id=\"at-2114\" class=\"c-accordion__title js-accordion-controller\" role=\"button\">Prof. Dr. David R\u00f6mer<\/h2><div id=\"ac-2114\" class=\"c-accordion__content\">\n<p>David R\u00f6mer ist Professor f\u00fcr Sprachwissenschaft und Semantik und Lexikologie des Neuhoch-deutschen an der Universit\u00e4t Kassel. Seine Forschungsinteressen sind Angewandte und kulturwis-senschaftliche Linguistik, Sprachverwendung in der Gegenwart (\u00f6ffentlicher und politischer Sprach-gebrauch), Neuere Sprachgeschichte, Linguistische Diskursforschung (Diskurssemantik, -geschichte, -lexikografie), lexikalische Semantik und Pragmatik, Korpuslinguistik, Argumentations-theorie und -analyse, Sprachkritik und Sprache in Verschw\u00f6rungstheorien.<br>Neueste Publikationen: Sprache in Verschw\u00f6rungstheorien. Konturen eines Forschungsvorhabens, in: Muttersprache 132, Heft 4\/2022, S. 299-313; Verschw\u00f6rungstheorien als argumentative Narrati-ve, in: Zeitschrift f\u00fcr Literaturwissenschaft und Linguistik 51, Heft 2\/2021, S. 1-18; Wahlkampfspra-che 2021, hrsg. David R\u00f6mer, Martin Wengeler, Themenheft der Zeitschrift Aptum, Zeitschrift f\u00fcr Sprachkritik und Sprachkultur 17, Heft 3\/2021; Argumentationstopoi in der Text- und Diskursanalyse \u2013 alte Pfade, neue Wege, in: Tekst i dyskurs \u2013 Text und Diskurs, Heft 11\/2018, S. 117-135; Wirt-schaftskrisen. Eine linguistische Diskursgeschichte, Berlin\/Boston: 2017.<\/p>\n<\/div><\/div>\n\n\n\n<div class=\"wp-block-pb-accordion-item c-accordion__item js-accordion-item no-js\" data-initially-open=\"false\" data-click-to-close=\"true\" data-auto-close=\"true\" data-scroll=\"false\" data-scroll-offset=\"0\"><h2 id=\"at-2115\" class=\"c-accordion__title js-accordion-controller\" role=\"button\">Dr. Olena Saikovska<\/h2><div id=\"ac-2115\" class=\"c-accordion__content\">\n<p>Olena Saikovska ist Dozentin am Lehrstuhl f\u00fcr allgemeine und slawische Linguistik an der Philoso-phischen Fakult\u00e4t der National I.I. Metschnikow Universit\u00e4t in Odesa. Derzeit ist sie als DAAD-Fellow im Rahmen eines Programms f\u00fcr ukrainische WissenschaftlerInnen an der Eberhard-Karls-Universit\u00e4t T\u00fcbingen t\u00e4tig. Ihre Forschungsschwerpunkte beinhalten folgende Themen: Slavische Literaturen, Bulgarische Literatur, moderne ukrainische Literatur, Intermediale Studien, Krieg und Literatur und Erinnerung in der Literatur.<br>Publikationen:<br>Der postkoloniale Weg der Ukraine, in: Autonomie, Newsletter des Cassandra-Projektes, Nr. 4. 2022, S. 7-9; Hell und Dunkel, in: Literatur &amp; Krise, Newsletter des Cassandra-Projektes, Nr. 3 2022, S. 7-8; Intermediality \u0441odes in \u00abA Ballad for Georg Henig\u00bb by Victor Paskov, in: Ezikov Svyat, 2022, Heft 3\/20, S. 396-402; Codes of intermediality in the Bulgarian fantastic literature of the \u0425\u0425\u2013\u0425\u0425\u0406 centuries, in: Hrsg. Bibliotekarz Podlaski Og\u00f3lnopolskie Naukowe Pismo Bibliotekoznawcze i Biblio-logiczne: Proza fantastyczna XX i XXI wieku, Fantasy prose of the 20th and 21st centuries, N 3\/2021 (LII), S. 177-188; Fundamentals of National Identity in Bulgarian and Rusinian Literature (Based on the Works by Hristo Botev and Alexander Dukhnovych), in: Rusin 66, 2021, S. 67-85; Intermediality of Pavel Vezhinov\u2019s prose, in: Ezikov Svyat, 2019, Heft 1\/17, S. 126-131.<\/p>\n<\/div><\/div>\n\n\n\n<div class=\"wp-block-pb-accordion-item c-accordion__item js-accordion-item no-js\" data-initially-open=\"false\" data-click-to-close=\"true\" data-auto-close=\"true\" data-scroll=\"false\" data-scroll-offset=\"0\"><h2 id=\"at-2116\" class=\"c-accordion__title js-accordion-controller\" role=\"button\">Prof. Dr. Schamma Shahadat<\/h2><div id=\"ac-2116\" class=\"c-accordion__content\">\n<p>Schamma Schahadat ist Professorin f\u00fcr Slavische Literatur- und Kulturwissenschaft an der Univer-sit\u00e4t T\u00fcbingen. Ihre Forschungsschwerpunkte umfassen Literatur- und Kulturtheorie, Gender Stu-dies, Translation Studies und Fotografie und Film.<br>Neueste Publikationen: Central and Eastern European Literary Theory and the West, hrsg. Micha\u0142 Mrugalski, Schamma Schahadat, Irina Wutsdorff, 2023; Weltliteratur in der longue dur\u00e9e, hrsg. Schamma Schahadat und Annette Werberger, 2021. In Vorbereitung: Alles ist teurer als ukrainisches Leben. Texte zum Westplaining und zum Krieg, hrsg. Aleksandra Konarzewska, Schamma Schahadat, Nina Weller, erscheint Feb 2023.<\/p>\n\n\n\n<div class=\"wp-block-pb-accordion-item c-accordion__item js-accordion-item no-js\" data-initially-open=\"false\" data-click-to-close=\"true\" data-auto-close=\"true\" data-scroll=\"false\" data-scroll-offset=\"0\"><h2 id=\"at-2117\" class=\"c-accordion__title js-accordion-controller\" role=\"button\">Volodymyr Sheiko<\/h2><div id=\"ac-2117\" class=\"c-accordion__content\">\n<p>Volodymyr Sheiko ist Generaldirektor des 2017 gegr\u00fcndeten Ukrainischen Instituts, Kulturmana-ger, Spezialist f\u00fcr Marketing und Kommunikation. Er nahm jahrelang leitende Positionen in der ukra-inischen Mission des British Council ein und organisierte zahlreiche kulturelle Veranstaltungen, Ausstellungen, Filmfestivals, Konzerte usw. im Vereinigten K\u00f6nigreich sowie in anderen europ\u00e4i-schen L\u00e4ndern ein. Volodymyr Sheiko ist Mitglied der Summer School of Global Governance 2016, des internationalen Netzwerks der Bucerius Summer School (ZEIT-Stiftung, Hamburg, Deutsch-land), sowie Mitglied des IETM International Professional Performing Arts Network und des Total Theater Network.<\/p>\n<\/div><\/div>\n<\/div><\/div>\n\n\n\n<div class=\"wp-block-pb-accordion-item c-accordion__item js-accordion-item no-js\" data-initially-open=\"false\" data-click-to-close=\"true\" data-auto-close=\"true\" data-scroll=\"false\" data-scroll-offset=\"0\"><h2 id=\"at-2118\" class=\"c-accordion__title js-accordion-controller\" role=\"button\">Prof. Dr. Joanna Szcz\u0119k<\/h2><div id=\"ac-2118\" class=\"c-accordion__content\">\n<p>Joanna Szcz\u0119k hat ihr Studium der Germanistik im Jahre 2000 am Institut f\u00fcr Germanistik der Uni-versit\u00e4t Wroc\u0142aw in Polen abgeschlossen. 2004 promovierte sie auf dem Gebiet der Linguistik und 2015 habilitierte sie sich. 2022 erlangte sie den Professorentitel im Bereich der Sprachwissenschaft. Seit 2004 arbeitet sie an der Philologischen Fakult\u00e4t der Universit\u00e4t Wroc\u0142aw am Institut f\u00fcr Germa-nistik, wo sie seit 2013 den Lehrstuhl f\u00fcr Angewandte Sprachwissenschaft leitet. In den Jahren 2004\u20132010 war sie auch als Dozentin an der Angelus Silesius Berufshochschule in Wa\u0142brzych t\u00e4tig, wo sie in den Jahren 2004\u20132007 Leiterin des Instituts f\u00fcr Fremdsprachen war. Sie ist Mitglied der Verb\u00e4nde SGP, MGV, PTLS, PTN und Europhras. Seit 2021 ist sie Pr\u00e4sidentin des Mitteleurop\u00e4i-schen Germanistenverbandes (MGV). Dar\u00fcber hinaus ist sie Mitglied der Redaktionsaussch\u00fcsse der Linguistischen Treffen in Wroc\u0142aw und der Zeitschrift f\u00fcr Mitteleurop\u00e4ische Germanistik, in den Jah-ren 2009\u20132018 war sie Schriftleiterin der Zeitschrift Germanica Wratislaviensia. Sie ist auch Gr\u00fcnde-rin der internationalen wissenschaftlichen Schriftenreihen: Studia Phraseologica et Phraseologica (Verlag Dr. Kova\u010d), Doktorandenforum. Auslandsgermanistik (Leipziger Universit\u00e4tsverlag), Fields of Linguistics (V&amp;R Verlage) und Studia Culinaria Interdisciplinaris (Verlag Dr. Kova\u010d).<br>Ihre wissenschaftlichen Leistungen umfassen \u00fcber 210 wissenschaftliche Publikationen, darunter vier Monographien, ein W\u00f6rterbuch, 206 wissenschaftliche Artikel und Kapitel, in denen wissen-schaftliche \u00dcberlegungen angestellt werden, sowie Forschungsergebnisse zur deutschen, polni-schen und deutsch-polnischen Phraseologie, Pragmalinguistik, Textlinguistik, Kulinarik, \u00dcberset-zungswissenschaft, Didaktik im Bereich der Didaktik des Deutschen als Fremdsprache (DaF), Sprachlandschaften u.a., 23 Herausgaben und Mitherausgaben von nationalen Zeitschriften, sieben Herausgaben und Mitherausgaben von internationalen Zeitschriften und elf Herausgaben und Mit-herausgaben von Sammelb\u00e4nden in ausl\u00e4ndischen Verlagen. Sie ist Autorin von \u00fcber 85 Rezensio-nen und Berichten sowie Autorin und Co-Autorin von f\u00fcnf DaF-Lehrb\u00fcchern. Sie nahm aktiv an \u00fcber 150 internationalen und nationalen wissenschaftlichen Konferenzen teil. Prof. Joanna Szcz\u0119k publi-ziert auf Deutsch und Polnisch.<\/p>\n<\/div><\/div>\n\n\n\n<div class=\"wp-block-pb-accordion-item c-accordion__item js-accordion-item no-js\" data-initially-open=\"false\" data-click-to-close=\"true\" data-auto-close=\"true\" data-scroll=\"false\" data-scroll-offset=\"0\"><h2 id=\"at-2119\" class=\"c-accordion__title js-accordion-controller\" role=\"button\">Vivien Wolter<\/h2><div id=\"ac-2119\" class=\"c-accordion__content\">\n<p>Vivien Wolter ist Studentin der Digital Humanities an der Universit\u00e4t Trier und Teil des studentischen Teams des Projekts &#8222;Zerst\u00f6rtes Kulturgut&#8220;.<\/p>\n<\/div><\/div>\n\n\n\n<div class=\"wp-block-pb-accordion-item c-accordion__item js-accordion-item no-js\" data-initially-open=\"false\" data-click-to-close=\"true\" data-auto-close=\"true\" data-scroll=\"false\" data-scroll-offset=\"0\"><h2 id=\"at-2120\" class=\"c-accordion__title js-accordion-controller\" role=\"button\">Prof. Dr. Monika Wolting<\/h2><div id=\"ac-2120\" class=\"c-accordion__content\">\n<p>Monika Wolting ist ordentliche Professorin am Lehrstuhl f\u00fcr deutsche Literatur und Kultur nach 1945 am Germanistischen Institut der Universit\u00e4t Wroc\u0142aw. Sie promovierte nach ihrem Masterstudi-um an der Universit\u00e4t Gda\u0144sk 2005 zum Thema des Motivs des Brunnens und des Brunnenwassers in der deutschen Literatur von der Sturm- und Drang-Epoche bis zur Moderne an der Universit\u00e4t Warschau. 2010 folgte die Habilitation an der Universit\u00e4t Warschau zum Thema: \u201eDer Garten als Topos im Werk von Marie Luise Kaschnitz, Undine Gruenter und Sarah Kirsch\u201c. Ihre Schwerpunkte in der Lehre und Forschung sind: Deutschsprachige und polnische Literatur des 20. und 21. Jahr-hunderts, Literatur\u00e4sthetik und Kulturpolitik, Narratologie und Ged\u00e4chtnis, Neues historisches Schreiben, Intellektuellenforschung, Engagierte Literatur und Kriegsliteraturforschung.<br>Letzte Publikationen: Wenn Krieg in postheroischer Gesellschaft ausbricht. \u00dcberlegungen zu \u201eCassandra-Rufen\u201c der Literatur, Colloquia Germanica Stetinensia 31, 2022; Der Krieg um den Berg Karabach in Olga Grjasnowas. Der Russe ist einer, der Birken liebt (2012), in: Hrsg. Carolin F\u00fchrer: Umbruch &#8211; Bild \u2013 Erinnerung, G\u00f6ttingen 2022, S. 291-306; Freiheitssuche versus politische Z\u00e4suren in der deutschen Gegenwartsliteratur, in: Hrsg. Ewa Pytel-Bartnik, Magdalena Kardach: Drei\u00dfig Jah-re danach. Mauerfall und deutsche Einheit in Literatur, Kultur und Politik, Wiesbaden 2022, S. 67-85; Die Macht der Kriegsbilder im globalen Kontext der Medienwirksamkeit, in: Hrsg. Monika Wolting, Ewa Wojno-Owczarska: Grenzerfahrungen und Globalisierung im Wandel der Zeit, G\u00f6ttingen 2021, S. 53-73; Grenzerfahrung und Globalisierung im Wandel der Zeit, hrsg. Monika Wolting, Ewa Wojno-Owczarska, 2021; Der Heimkehrerroman der Gegenwart, in: Oxford German Studies 49, Heft 3\/2020, S. 305-327, Link: https:\/\/www.tandfonline.com\/doi\/pdf\/10.1080\/00787191 <span><a href=\"\"><img title=\"Titel anhand dieser DOI in Citavi-Projekt \u00fcbernehmen\" class=\"citavipicker\" src=\"image\/svg+xml;base64,PD94bWwgdmVyc2lvbj0iMS4wIiBlbmNvZGluZz0idXRmLTgiPz48IURPQ1RZUEUgc3ZnIFBVQkxJQyAiLS8vVzNDLy9EVEQgU1ZHIDEuMS8vRU4iICJodHRwOi8vd3d3LnczLm9yZy9HcmFwaGljcy9TVkcvMS4xL0RURC9zdmcxMS5kdGQiPjxzdmcgdmVyc2lvbj0iMS4xIiBpZD0iRWJlbmVfMSIgeG1sbnM9Imh0dHA6Ly93d3cudzMub3JnLzIwMDAvc3ZnIiB4bWxuczp4bGluaz0iaHR0cDovL3d3dy53My5vcmcvMTk5OS94bGluayIgeD0iMHB4IiB5PSIwcHgiIHdpZHRoPSIxNnB4IiBoZWlnaHQ9IjE2cHgiIHZpZXdCb3g9IjAgMCAxNiAxNiIgZW5hYmxlLWJhY2tncm91bmQ9Im5ldyAwIDAgMTYgMTYiIHhtbDpzcGFjZT0icHJlc2VydmUiPjxnPjxnPjxwYXRoIGZpbGw9IiNGRkZGRkYiIGQ9Ik04LjAwMSwxNS41QzMuODY0LDE1LjUsMC41LDEyLjEzNiwwLjUsOGMwLTQuMTM1LDMuMzY1LTcuNSw3LjUwMS03LjVTMTUuNSwzLjg2NCwxNS41LDhTMTIuMTM3LDE1LjUsOC4wMDEsMTUuNXoiLz48cGF0aCBmaWxsPSIjRDUyQjFFIiBkPSJNOC4wMDEsMUMxMS44NiwxLDE1LDQuMTQxLDE1LDhzLTMuMTM5LDctNi45OTksN0M0LjE0LDE1LDEsMTEuODU5LDEsOFM0LjE0LDEsOC4wMDEsMSBNOC4wMDEsMEMzLjU4MiwwLDAsMy41ODIsMCw4czMuNTgyLDgsOC4wMDEsOEMxMi40MTgsMTYsMTYsMTIuNDE4LDE2LDhTMTIuNDE4LDAsOC4wMDEsMEw4LjAwMSwweiIvPjwvZz48cGF0aCBmaWxsPSIjRDUyQjFFIiBkPSJNNi43NDUsMTIuNTg5Yy0wLjIyNywwLjEyMi0wLjQ5NywwLjI0Ny0wLjY4NCwwLjI0N2MtMC4zMTgsMC0wLjUwMS0wLjE2NC0wLjUwMS0wLjQ1MmMwLTAuMjA3LDAuMTQtMC4zNzUsMC41OTUtMC42MjJjMS41NDktMC45MDQsMi41OTQtMi4yNzIsMi41OTQtMy43MjFjMC0wLjgyNS0wLjIyNy0xLjExOS0wLjY4MS0xLjExOWMtMC4xMzUsMC0wLjMyLDAuMjE5LTAuNjM2LDAuMjE5SDcuMTU3QzYuMTAyLDcuMTQzLDUuMzMzLDYuMjY0LDUuMzMzLDUuMjNjMC0xLjE1MiwwLjk1OC0yLjAwNiwyLjI4LTIuMDA2YzEuNzc3LDAsMy4wNTMsMS4zNzMsMy4wNTMsMy40M0MxMC42NjYsOS4yMTUsOS4yMDMsMTEuMjcsNi43NDUsMTIuNTg5Ii8+PC9nPjwvc3ZnPg\" style=\"border: 0px none!important;width: 16px!important;height: 16px!important;margin-left:1px !important;margin-right:1px !important\"><\/a><\/span> .2020.1809151?needAccess=true<\/p>\n<\/div><\/div>\n","protected":false},"excerpt":{"rendered":"","protected":false},"author":5258,"featured_media":0,"parent":0,"menu_order":3,"comment_status":"closed","ping_status":"closed","template":"","meta":[],"_links":{"self":[{"href":"https:\/\/blogs.urz.uni-halle.de\/narrative\/wp-json\/wp\/v2\/pages\/21"}],"collection":[{"href":"https:\/\/blogs.urz.uni-halle.de\/narrative\/wp-json\/wp\/v2\/pages"}],"about":[{"href":"https:\/\/blogs.urz.uni-halle.de\/narrative\/wp-json\/wp\/v2\/types\/page"}],"author":[{"embeddable":true,"href":"https:\/\/blogs.urz.uni-halle.de\/narrative\/wp-json\/wp\/v2\/users\/5258"}],"replies":[{"embeddable":true,"href":"https:\/\/blogs.urz.uni-halle.de\/narrative\/wp-json\/wp\/v2\/comments?post=21"}],"version-history":[{"count":10,"href":"https:\/\/blogs.urz.uni-halle.de\/narrative\/wp-json\/wp\/v2\/pages\/21\/revisions"}],"predecessor-version":[{"id":109,"href":"https:\/\/blogs.urz.uni-halle.de\/narrative\/wp-json\/wp\/v2\/pages\/21\/revisions\/109"}],"wp:attachment":[{"href":"https:\/\/blogs.urz.uni-halle.de\/narrative\/wp-json\/wp\/v2\/media?parent=21"}],"curies":[{"name":"wp","href":"https:\/\/api.w.org\/{rel}","templated":true}]}}