{"id":70,"date":"2020-02-25T16:05:20","date_gmt":"2020-02-25T15:05:20","guid":{"rendered":"https:\/\/blogs.urz.uni-halle.de\/wayout\/?page_id=70"},"modified":"2020-04-05T18:25:01","modified_gmt":"2020-04-05T16:25:01","slug":"termine","status":"publish","type":"page","link":"https:\/\/blogs.urz.uni-halle.de\/wayout\/termine\/","title":{"rendered":"Termine"},"content":{"rendered":"\n<div class=\"wp-block-media-text is-vertically-aligned-center\" style=\"grid-template-columns:60% auto\"><figure class=\"wp-block-media-text__media\"><img loading=\"lazy\" width=\"785\" height=\"589\" src=\"https:\/\/blogs.urz.uni-halle.de\/wayout\/files\/2020\/03\/Ausstellung-785x589.jpg\" alt=\"\" class=\"wp-image-467\" srcset=\"https:\/\/blogs.urz.uni-halle.de\/wayout\/files\/2020\/03\/Ausstellung-785x589.jpg 785w, https:\/\/blogs.urz.uni-halle.de\/wayout\/files\/2020\/03\/Ausstellung-300x225.jpg 300w, https:\/\/blogs.urz.uni-halle.de\/wayout\/files\/2020\/03\/Ausstellung-768x576.jpg 768w, https:\/\/blogs.urz.uni-halle.de\/wayout\/files\/2020\/03\/Ausstellung-1536x1152.jpg 1536w, https:\/\/blogs.urz.uni-halle.de\/wayout\/files\/2020\/03\/Ausstellung-2048x1536.jpg 2048w\" sizes=\"(max-width: 785px) 100vw, 785px\" \/><\/figure><div class=\"wp-block-media-text__content\">\n<p class=\"has-large-font-size\">21. Juni 2020 Ausstellung<\/p>\n\n\n\n<p>Ich habe die Ehre einige meiner Bilder in der Sonderausstellung der Hamburger Kunsthalle unter der Thematik &#8222;Die Freiheit der Natur&#8220; zu pr\u00e4sentieren. <\/p>\n\n\n\n<p><span style=\"text-decoration: underline\">Adresse<\/span>: Hamburger Kunsthalle Glockengie\u00dferwall 5<\/p>\n<\/div><\/div>\n\n\n\n<p><\/p>\n\n\n\n<div style=\"height:50px\" aria-hidden=\"true\" class=\"wp-block-spacer\"><\/div>\n\n\n\n<div class=\"wp-block-media-text alignwide has-media-on-the-right\" style=\"grid-template-columns:auto 48%\"><figure class=\"wp-block-media-text__media\"><img loading=\"lazy\" width=\"626\" height=\"834\" src=\"https:\/\/blogs.urz.uni-halle.de\/wayout\/files\/2020\/03\/Staffelei-1.jpg\" alt=\"\" class=\"wp-image-359\" srcset=\"https:\/\/blogs.urz.uni-halle.de\/wayout\/files\/2020\/03\/Staffelei-1.jpg 626w, https:\/\/blogs.urz.uni-halle.de\/wayout\/files\/2020\/03\/Staffelei-1-225x300.jpg 225w\" sizes=\"(max-width: 626px) 100vw, 626px\" \/><\/figure><div class=\"wp-block-media-text__content\">\n<p class=\"has-large-font-size\">7. August 2020<\/p>\n\n\n\n<p>Tag der offenen T\u00fcr in meiner Malschule! Es werden die Werke aller Malsch\u00fcler ausgestellt und dazu gibt es Getr\u00e4nke und Snacks. Alle sind herzlich Willkommen!<\/p>\n\n\n\n<p><span style=\"text-decoration: underline\">Adresse<\/span>: Altenberner-Dom-Stra\u00dfe 34, 51519 Odenthal<\/p>\n<\/div><\/div>\n\n\n\n<div style=\"height:50px\" aria-hidden=\"true\" class=\"wp-block-spacer\"><\/div>\n\n\n\n<div id=\"wpgmza_map\" class=\"wpgmza_map\" data-settings='{\"id\":\"1\",\"map_title\":\"Karte\",\"map_width\":\"100\",\"map_height\":\"400\",\"map_start_lat\":\"51.892060\",\"map_start_lng\":\"9.959056\",\"map_start_location\":\"51.892060239650306,9.959055687499996\",\"map_start_zoom\":\"6\",\"default_marker\":\"0\",\"type\":\"1\",\"alignment\":\"3\",\"directions_enabled\":\"1\",\"styling_enabled\":\"0\",\"styling_json\":\"\",\"active\":\"0\",\"kml\":\"\",\"bicycle\":\"0\",\"traffic\":\"0\",\"dbox\":\"1\",\"dbox_width\":\"100\",\"listmarkers\":\"0\",\"listmarkers_advanced\":\"0\",\"filterbycat\":\"0\",\"ugm_enabled\":\"0\",\"ugm_category_enabled\":\"0\",\"fusion\":\"\",\"map_width_type\":\"\\\\%\",\"map_height_type\":\"px\",\"mass_marker_support\":\"1\",\"ugm_access\":\"0\",\"order_markers_by\":\"1\",\"order_markers_choice\":\"2\",\"show_user_location\":\"0\",\"default_to\":\"\",\"other_settings\":{\"store_locator_enabled\":2,\"store_locator_distance\":2,\"store_locator_default_radius\":10,\"store_locator_not_found_message\":\"No results found in this location. Please try again.\",\"store_locator_bounce\":1,\"store_locator_query_string\":\"ZIP \\\/ Address:\",\"store_locator_default_address\":\"\",\"wpgmza_store_locator_restrict\":\"\",\"wpgmza_store_locator_radius_style\":\"modern\",\"map_max_zoom\":\"1\",\"transport_layer\":0,\"wpgmza_show_points_of_interest\":0,\"wpgmza_auto_night\":0}}' data-map-id='1' Data-maps-engine='open-layers' data-shortcode-attributes='{\"id\":\"1\"}' style=\"display:block; overflow:auto; width:100%; height:400px; float:left;\"><\/div>\n","protected":false},"excerpt":{"rendered":"<p>21. Juni 2020 Ausstellung Ich habe die Ehre einige meiner Bilder in der Sonderausstellung der Hamburger Kunsthalle unter der Thematik &#8222;Die Freiheit der Natur&#8220; zu pr\u00e4sentieren. Adresse: Hamburger Kunsthalle Glockengie\u00dferwall 5 7. August 2020 Tag der offenen T\u00fcr in meiner Malschule! Es werden die Werke aller Malsch\u00fcler ausgestellt und dazu gibt es Getr\u00e4nke und Snacks. [&hellip;]<\/p>\n","protected":false},"author":4370,"featured_media":0,"parent":0,"menu_order":0,"comment_status":"closed","ping_status":"closed","template":"","meta":[],"_links":{"self":[{"href":"https:\/\/blogs.urz.uni-halle.de\/wayout\/wp-json\/wp\/v2\/pages\/70"}],"collection":[{"href":"https:\/\/blogs.urz.uni-halle.de\/wayout\/wp-json\/wp\/v2\/pages"}],"about":[{"href":"https:\/\/blogs.urz.uni-halle.de\/wayout\/wp-json\/wp\/v2\/types\/page"}],"author":[{"embeddable":true,"href":"https:\/\/blogs.urz.uni-halle.de\/wayout\/wp-json\/wp\/v2\/users\/4370"}],"replies":[{"embeddable":true,"href":"https:\/\/blogs.urz.uni-halle.de\/wayout\/wp-json\/wp\/v2\/comments?post=70"}],"version-history":[{"count":10,"href":"https:\/\/blogs.urz.uni-halle.de\/wayout\/wp-json\/wp\/v2\/pages\/70\/revisions"}],"predecessor-version":[{"id":590,"href":"https:\/\/blogs.urz.uni-halle.de\/wayout\/wp-json\/wp\/v2\/pages\/70\/revisions\/590"}],"wp:attachment":[{"href":"https:\/\/blogs.urz.uni-halle.de\/wayout\/wp-json\/wp\/v2\/media?parent=70"}],"curies":[{"name":"wp","href":"https:\/\/api.w.org\/{rel}","templated":true}]}}